{"id":1653,"date":"2022-04-21T09:58:43","date_gmt":"2022-04-21T09:58:43","guid":{"rendered":"https:\/\/internationalizare.upg-ploiesti.ro\/?page_id=1653"},"modified":"2024-04-02T08:00:46","modified_gmt":"2024-04-02T08:00:46","slug":"despre-programul-erasmus","status":"publish","type":"page","link":"https:\/\/internationalizare.upg-ploiesti.ro\/index.php\/programe\/despre-programul-erasmus\/","title":{"rendered":"Despre programul Erasmus +"},"content":{"rendered":"\t\t<div data-elementor-type=\"wp-page\" data-elementor-id=\"1653\" class=\"elementor elementor-1653\">\n\t\t\t\t\t\t<section class=\"elementor-section elementor-top-section elementor-element elementor-element-d4d2a99 elementor-section-full_width elementor-section-height-default elementor-section-height-default\" data-id=\"d4d2a99\" data-element_type=\"section\">\n\t\t\t\t\t\t<div class=\"elementor-container elementor-column-gap-default\">\n\t\t\t\t\t<div class=\"elementor-column elementor-col-100 elementor-top-column elementor-element elementor-element-ce12c99\" data-id=\"ce12c99\" data-element_type=\"column\">\n\t\t\t<div class=\"elementor-widget-wrap elementor-element-populated\">\n\t\t\t\t\t\t<div class=\"elementor-element elementor-element-aec99e7 elementor-widget elementor-widget-WCU\" data-id=\"aec99e7\" data-element_type=\"widget\" data-widget_type=\"WCU.default\">\n\t\t\t\t<div class=\"elementor-widget-container\">\n\t\t\t        <div class=\"why-choose-us-area pb-100\">\r\n            <div class=\"container\">\r\n                <div class=\"row align-items-center\">\r\n                    <div class=\"col-lg-6 col-md-12\">\r\n                                                    <div class=\"why-choose-us-image\">\r\n                                <img decoding=\"async\" src=\"https:\/\/internationalizare.upg-ploiesti.ro\/wp-content\/uploads\/2022\/04\/erasmus-banner.jpg\" alt=\"Despre Erasmus+\">\r\n                            <\/div>\r\n                                            <\/div>\r\n                    <div class=\"col-lg-6 col-md-12\">\r\n                        <div class=\"why-choose-us-content\">\r\n                                                            <span class=\"sub-title\">Erasmus+ este programul UE pentru educa\u021bie, formare, tineret \u0219i sport.<\/span>\r\n                                                        <h2 >Despre Erasmus+<\/h2>\r\n                            Bugetul s\u0103u este estimat la 26,2 miliarde EUR. Aceast\u0103 sum\u0103 reprezint\u0103 aproape dublul finan\u021b\u0103rii de care a beneficiat programul anterior (2014-2020).\n\nProgramul pentru perioada 2021-2027 pune un accent puternic pe incluziunea social\u0103, pe tranzi\u021bia verde \u0219i pe cea digital\u0103 \u0219i pe promovarea particip\u0103rii tinerilor la via\u021ba democratic\u0103.\r\n                                                            <a href=\"https:\/\/erasmus-plus.ec.europa.eu\/ro\/despre-erasmus\/despre-erasmus\" class=\"default-btn style-two\">Mai multe informa\u021bii<\/a>\r\n                                                    <\/div>\r\n                    <\/div>\r\n                <\/div>\r\n            <\/div>\r\n        <\/div>\r\n        \t\t<\/div>\n\t\t\t\t<\/div>\n\t\t\t\t\t<\/div>\n\t\t<\/div>\n\t\t\t\t\t<\/div>\n\t\t<\/section>\n\t\t\t\t<section class=\"elementor-section elementor-top-section elementor-element elementor-element-d475f8b elementor-section-boxed elementor-section-height-default elementor-section-height-default\" data-id=\"d475f8b\" data-element_type=\"section\">\n\t\t\t\t\t\t<div class=\"elementor-container elementor-column-gap-default\">\n\t\t\t\t\t<div class=\"elementor-column elementor-col-100 elementor-top-column elementor-element elementor-element-bba6eac\" data-id=\"bba6eac\" data-element_type=\"column\">\n\t\t\t<div class=\"elementor-widget-wrap elementor-element-populated\">\n\t\t\t\t\t\t<div class=\"elementor-element elementor-element-8b9422b elementor-widget elementor-widget-heading\" data-id=\"8b9422b\" data-element_type=\"widget\" data-widget_type=\"heading.default\">\n\t\t\t\t<div class=\"elementor-widget-container\">\n\t\t\t<style>\/*! elementor - v3.20.0 - 10-04-2024 *\/\n.elementor-heading-title{padding:0;margin:0;line-height:1}.elementor-widget-heading .elementor-heading-title[class*=elementor-size-]>a{color:inherit;font-size:inherit;line-height:inherit}.elementor-widget-heading .elementor-heading-title.elementor-size-small{font-size:15px}.elementor-widget-heading .elementor-heading-title.elementor-size-medium{font-size:19px}.elementor-widget-heading .elementor-heading-title.elementor-size-large{font-size:29px}.elementor-widget-heading .elementor-heading-title.elementor-size-xl{font-size:39px}.elementor-widget-heading .elementor-heading-title.elementor-size-xxl{font-size:59px}<\/style><h2 class=\"elementor-heading-title elementor-size-default\"><a href=\"https:\/\/internationalizare.upg-ploiesti.ro\/wp-content\/uploads\/2022\/06\/Erasmus-Charter-for-Higher-Education_UPG.pdf\" target=\"_blank\">ERASMUS CHARTER FOR HIGHER EDUCATION 2021-2027<\/a><\/h2>\t\t<\/div>\n\t\t\t\t<\/div>\n\t\t\t\t\t<\/div>\n\t\t<\/div>\n\t\t\t\t\t<\/div>\n\t\t<\/section>\n\t\t\t\t<section class=\"elementor-section elementor-top-section elementor-element elementor-element-5eec6af elementor-section-boxed elementor-section-height-default elementor-section-height-default\" data-id=\"5eec6af\" data-element_type=\"section\">\n\t\t\t\t\t\t<div class=\"elementor-container elementor-column-gap-default\">\n\t\t\t\t\t<div class=\"elementor-column elementor-col-100 elementor-top-column elementor-element elementor-element-50ded21\" data-id=\"50ded21\" data-element_type=\"column\">\n\t\t\t<div class=\"elementor-widget-wrap elementor-element-populated\">\n\t\t\t\t\t\t<div class=\"elementor-element elementor-element-b34f43e elementor-widget elementor-widget-accordion\" data-id=\"b34f43e\" data-element_type=\"widget\" data-widget_type=\"accordion.default\">\n\t\t\t\t<div class=\"elementor-widget-container\">\n\t\t\t<style>\/*! elementor - v3.20.0 - 10-04-2024 *\/\n.elementor-accordion{text-align:left}.elementor-accordion .elementor-accordion-item{border:1px solid #d5d8dc}.elementor-accordion .elementor-accordion-item+.elementor-accordion-item{border-top:none}.elementor-accordion .elementor-tab-title{margin:0;padding:15px 20px;font-weight:700;line-height:1;cursor:pointer;outline:none}.elementor-accordion .elementor-tab-title .elementor-accordion-icon{display:inline-block;width:1.5em}.elementor-accordion .elementor-tab-title .elementor-accordion-icon svg{width:1em;height:1em}.elementor-accordion .elementor-tab-title .elementor-accordion-icon.elementor-accordion-icon-right{float:right;text-align:right}.elementor-accordion .elementor-tab-title .elementor-accordion-icon.elementor-accordion-icon-left{float:left;text-align:left}.elementor-accordion .elementor-tab-title .elementor-accordion-icon .elementor-accordion-icon-closed{display:block}.elementor-accordion .elementor-tab-title .elementor-accordion-icon .elementor-accordion-icon-opened,.elementor-accordion .elementor-tab-title.elementor-active .elementor-accordion-icon-closed{display:none}.elementor-accordion .elementor-tab-title.elementor-active .elementor-accordion-icon-opened{display:block}.elementor-accordion .elementor-tab-content{display:none;padding:15px 20px;border-top:1px solid #d5d8dc}@media (max-width:767px){.elementor-accordion .elementor-tab-title{padding:12px 15px}.elementor-accordion .elementor-tab-title .elementor-accordion-icon{width:1.2em}.elementor-accordion .elementor-tab-content{padding:7px 15px}}.e-con-inner>.elementor-widget-accordion,.e-con>.elementor-widget-accordion{width:var(--container-widget-width);--flex-grow:var(--container-widget-flex-grow)}<\/style>\t\t<div class=\"elementor-accordion\">\n\t\t\t\t\t\t\t<div class=\"elementor-accordion-item\">\n\t\t\t\t\t<div id=\"elementor-tab-title-1881\" class=\"elementor-tab-title\" data-tab=\"1\" role=\"button\" aria-controls=\"elementor-tab-content-1881\" aria-expanded=\"false\">\n\t\t\t\t\t\t\t\t\t\t\t\t\t<span class=\"elementor-accordion-icon elementor-accordion-icon-left\" aria-hidden=\"true\">\n\t\t\t\t\t\t\t\t\t\t\t\t\t\t\t<span class=\"elementor-accordion-icon-closed\"><i class=\"fas fa-plus\"><\/i><\/span>\n\t\t\t\t\t\t\t\t<span class=\"elementor-accordion-icon-opened\"><i class=\"fas fa-minus\"><\/i><\/span>\n\t\t\t\t\t\t\t\t\t\t\t\t\t\t<\/span>\n\t\t\t\t\t\t\t\t\t\t\t\t<a class=\"elementor-accordion-title\" tabindex=\"0\">Oportunit\u0103\u021bi<\/a>\n\t\t\t\t\t<\/div>\n\t\t\t\t\t<div id=\"elementor-tab-content-1881\" class=\"elementor-tab-content elementor-clearfix\" data-tab=\"1\" role=\"region\" aria-labelledby=\"elementor-tab-title-1881\"><p>Erasmus + ofer\u0103 oportunit\u0103\u021bi de mobilitate \u0219i cooperare \u00een<\/p><ul><li>\u00eenv\u0103\u021b\u0103m\u00e2ntul superior<\/li><li>educa\u021bia \u0219i formarea profesional\u0103<\/li><li>educa\u021bia \u0219colar\u0103 (inclusiv \u00eengrijire \u0219i educa\u021bia timpurie)<\/li><li>educa\u021bia pentru adul\u021bi<\/li><li>sectorul tineretului<\/li><li>\u0219i domeniul sportului.<\/li><\/ul><p>Informa\u021bii detaliate privind aceste oportunit\u0103\u021bi, inclusiv criteriile de eligibilitate, sunt disponibile \u00een\u00a0<a href=\"https:\/\/erasmus-plus.ec.europa.eu\/ro\/programme-guide\/erasmus-ghidul-programului\">ghidul programului Erasmus+<\/a>.<\/p><\/div>\n\t\t\t\t<\/div>\n\t\t\t\t\t\t\t<div class=\"elementor-accordion-item\">\n\t\t\t\t\t<div id=\"elementor-tab-title-1882\" class=\"elementor-tab-title\" data-tab=\"2\" role=\"button\" aria-controls=\"elementor-tab-content-1882\" aria-expanded=\"false\">\n\t\t\t\t\t\t\t\t\t\t\t\t\t<span class=\"elementor-accordion-icon elementor-accordion-icon-left\" aria-hidden=\"true\">\n\t\t\t\t\t\t\t\t\t\t\t\t\t\t\t<span class=\"elementor-accordion-icon-closed\"><i class=\"fas fa-plus\"><\/i><\/span>\n\t\t\t\t\t\t\t\t<span class=\"elementor-accordion-icon-opened\"><i class=\"fas fa-minus\"><\/i><\/span>\n\t\t\t\t\t\t\t\t\t\t\t\t\t\t<\/span>\n\t\t\t\t\t\t\t\t\t\t\t\t<a class=\"elementor-accordion-title\" tabindex=\"0\">Rezultate<\/a>\n\t\t\t\t\t<\/div>\n\t\t\t\t\t<div id=\"elementor-tab-content-1882\" class=\"elementor-tab-content elementor-clearfix\" data-tab=\"2\" role=\"region\" aria-labelledby=\"elementor-tab-title-1882\"><p>Rezultatele programului Erasmus + sunt disponibile \u00een rapoarte \u0219i culegeri de statistici, precum \u0219i pe\u00a0<a href=\"http:\/\/ec.europa.eu\/programmes\/erasmus-plus\/projects\/\" target=\"_blank\" class=\" eac-external-link\" rel=\"noopener\">platforma de proiecte Erasmus+<\/a>. Aceasta include majoritatea ini\u021biativelor finan\u021bate prin program \u0219i o selec\u021bie de bune practici \u0219i pove\u0219ti de succes.<\/p><\/div>\n\t\t\t\t<\/div>\n\t\t\t\t\t\t\t<div class=\"elementor-accordion-item\">\n\t\t\t\t\t<div id=\"elementor-tab-title-1883\" class=\"elementor-tab-title\" data-tab=\"3\" role=\"button\" aria-controls=\"elementor-tab-content-1883\" aria-expanded=\"false\">\n\t\t\t\t\t\t\t\t\t\t\t\t\t<span class=\"elementor-accordion-icon elementor-accordion-icon-left\" aria-hidden=\"true\">\n\t\t\t\t\t\t\t\t\t\t\t\t\t\t\t<span class=\"elementor-accordion-icon-closed\"><i class=\"fas fa-plus\"><\/i><\/span>\n\t\t\t\t\t\t\t\t<span class=\"elementor-accordion-icon-opened\"><i class=\"fas fa-minus\"><\/i><\/span>\n\t\t\t\t\t\t\t\t\t\t\t\t\t\t<\/span>\n\t\t\t\t\t\t\t\t\t\t\t\t<a class=\"elementor-accordion-title\" tabindex=\"0\">Obiective<\/a>\n\t\t\t\t\t<\/div>\n\t\t\t\t\t<div id=\"elementor-tab-content-1883\" class=\"elementor-tab-content elementor-clearfix\" data-tab=\"3\" role=\"region\" aria-labelledby=\"elementor-tab-title-1883\"><p><span style=\"color: #003366;\"><strong>OBIECTIVUL GENERAL<\/strong><\/span><br \/><span style=\"color: #003366;\">Obiectivul general al programului este de a sprijini, prin \u00eenv\u0103\u021barea pe tot parcursul vie\u021bii, dezvoltarea educa\u021bional\u0103, personal\u0103 \u0219i profesional\u0103 a persoanelor care \u00ee\u0219i desf\u0103\u0219oar\u0103 activitatea \u00een domeniul educa\u021biei, form\u0103rii, tineretului \u0219i<\/span><br \/><span style=\"color: #003366;\">sportului, at\u00e2t \u00een Europa, c\u00e2t \u0219i \u00een afara ei, contribuind astfel la o cre\u0219tere economic\u0103 durabil\u0103, la crearea de locuri de munc\u0103 de calitate, la coeziunea social\u0103, la stimularea inov\u0103rii \u0219i la consolidarea identit\u0103\u021bii europene \u0219i a cet\u0103\u021beniei<\/span><br \/><span style=\"color: #003366;\">active. Programul reprezint\u0103 astfel un instrument esen\u021bial pentru instituirea unui spa\u021biu european al educa\u021biei, pentru sprijinirea implement\u0103rii cooper\u0103rii strategice europene \u00een domeniul educa\u021biei \u0219i form\u0103rii, cu agendele sectoriale<\/span><br \/><span style=\"color: #003366;\">aferente. Acesta este esen\u021bial \u0219i pentru promovarea cooper\u0103rii \u00een domeniul politicii de tineret \u00een cadrul Strategiei UE pentru tineret pentru perioada 2019-2027, precum \u0219i pentru dezvoltarea dimensiunii europene \u00een sport.<\/span><\/p><p><span style=\"color: #003366;\"><strong>OBIECTIVE SPECIFICE<\/strong><\/span><\/p><p><span style=\"color: #003366;\">Programul are urm\u0103toarele obiective specifice:<\/span><\/p><ul><li><span style=\"color: #003366;\">s\u0103 promoveze mobilitatea persoanelor \u0219i a grupurilor \u00een scopul \u00eenv\u0103\u021b\u0103rii, precum \u0219i cooperarea, calitatea, incluziunea \u0219i echitatea, excelen\u021ba, creativitatea \u0219i inovarea la nivelul organiza\u021biilor \u0219i al politicilor din domeniul educa\u021biei \u0219i form\u0103rii;<\/span><\/li><li><span style=\"color: #003366;\">s\u0103 promoveze mobilitatea \u00een scopul \u00eenv\u0103\u021b\u0103rii nonformale \u0219i informale, participarea activ\u0103 a tinerilor, precum \u0219i cooperarea, calitatea, incluziunea, creativitatea \u0219i inovarea la nivelul organiza\u021biilor \u0219i al politicilor din domeniul tineretului;<\/span><\/li><li><span style=\"color: #003366;\">s\u0103 promoveze mobilitatea personalului din domeniul sportului \u00een scopul \u00eenv\u0103\u021b\u0103rii, precum \u0219i cooperarea, calitatea, incluziunea, creativitatea \u0219i inovarea la nivelul organiza\u021biilor sportive \u0219i al politicilor din domeniul sportului.<\/span><\/li><\/ul><\/div>\n\t\t\t\t<\/div>\n\t\t\t\t\t\t\t<div class=\"elementor-accordion-item\">\n\t\t\t\t\t<div id=\"elementor-tab-title-1884\" class=\"elementor-tab-title\" data-tab=\"4\" role=\"button\" aria-controls=\"elementor-tab-content-1884\" aria-expanded=\"false\">\n\t\t\t\t\t\t\t\t\t\t\t\t\t<span class=\"elementor-accordion-icon elementor-accordion-icon-left\" aria-hidden=\"true\">\n\t\t\t\t\t\t\t\t\t\t\t\t\t\t\t<span class=\"elementor-accordion-icon-closed\"><i class=\"fas fa-plus\"><\/i><\/span>\n\t\t\t\t\t\t\t\t<span class=\"elementor-accordion-icon-opened\"><i class=\"fas fa-minus\"><\/i><\/span>\n\t\t\t\t\t\t\t\t\t\t\t\t\t\t<\/span>\n\t\t\t\t\t\t\t\t\t\t\t\t<a class=\"elementor-accordion-title\" tabindex=\"0\">Priorit\u0103\u021bi<\/a>\n\t\t\t\t\t<\/div>\n\t\t\t\t\t<div id=\"elementor-tab-content-1884\" class=\"elementor-tab-content elementor-clearfix\" data-tab=\"4\" role=\"region\" aria-labelledby=\"elementor-tab-title-1884\"><ul><li><strong><span class=\"markedContent\" id=\"page48R_mcid2\"><span role=\"presentation\" dir=\"ltr\">Incluziune \u0219i<\/span><span role=\"presentation\" dir=\"ltr\"> <\/span><span role=\"presentation\" dir=\"ltr\">diversitate<\/span><\/span><\/strong><span class=\"markedContent\" id=\"page48R_mcid3\"><br role=\"presentation\" \/><span role=\"presentation\" dir=\"ltr\">Programul urm\u0103re\u0219te s\u0103 promoveze, \u00een toate ac\u021biunile sale, egalitatea de \u0219anse \u0219i de acces, incluziunea, diversitatea \u0219i<\/span> <span role=\"presentation\" dir=\"ltr\">echitatea. Organiza\u021biile \u0219i participan\u021bii cu mai pu\u021bine oportunit\u0103\u021bi se afl\u0103 \u00een centrul acestor obiective \u0219i, \u00een vederea<\/span> <span role=\"presentation\" dir=\"ltr\">atingerii acestora, programul le pune la dispozi\u021bie mecanisme \u0219i resurse. Atunci c\u00e2nd \u00ee\u0219i concep proiectele \u0219i activit\u0103\u021bile,<\/span> <span role=\"presentation\" dir=\"ltr\">organiza\u021biile ar trebui s\u0103 adopte o abordare favorabil\u0103 incluziunii, f\u0103c\u00e2ndu<\/span><span role=\"presentation\" dir=\"ltr\">&#8211;<\/span><span role=\"presentation\" dir=\"ltr\">le accesibile unei game variate de<\/span> <span role=\"presentation\" dir=\"ltr\">participan\u021bi.<\/span><\/span><\/li><li><strong><span class=\"markedContent\" id=\"page50R_mcid8\"><span role=\"presentation\" dir=\"ltr\">Transformarea digital\u0103<\/span><\/span><\/strong><span class=\"markedContent\" id=\"page50R_mcid9\"><br role=\"presentation\" \/><span role=\"presentation\" dir=\"ltr\">Pandemia de COVID<\/span><span role=\"presentation\" dir=\"ltr\">&#8211;<\/span><span role=\"presentation\" dir=\"ltr\">19 a scos \u0219i mai mult \u00een eviden\u021b\u0103 importan\u021ba educa\u021biei digitale pentru transformarea digital\u0103 de<\/span> <span role=\"presentation\" dir=\"ltr\">care are nevoie Europa. \u00cen special, aceasta a subliniat necesitatea tot mai mare de a valorifica poten\u021bialul tehn<\/span><span role=\"presentation\" dir=\"ltr\">ologiilor<\/span> <span role=\"presentation\" dir=\"ltr\">digitale pentru predare \u0219i \u00eenv\u0103\u021bare \u0219i de a dezvolta competen\u021be digitale pentru to\u021bi. <\/span><\/span><\/li><li><strong><span class=\"markedContent\" id=\"page51R_mcid6\"><span role=\"presentation\" dir=\"ltr\">Mediul \u0219i combaterea schimb\u0103rilor climatice<\/span><\/span><\/strong><span class=\"markedContent\" id=\"page51R_mcid7\"><br role=\"presentation\" \/><span role=\"presentation\" dir=\"ltr\">Mediul \u0219i ac\u021biunile climatice sunt \u0219i vor r\u0103m\u00e2ne priori<\/span><span role=\"presentation\" dir=\"ltr\">t\u0103\u021bi esen\u021biale ale UE.<\/span><span role=\"presentation\" dir=\"ltr\"> <\/span><span role=\"presentation\" dir=\"ltr\">Comunicarea privind Pactul verde<\/span> <span role=\"presentation\" dir=\"ltr\">european<\/span><span role=\"presentation\" dir=\"ltr\">5<\/span><span role=\"presentation\" dir=\"ltr\">, noua strategie european\u0103 de cre\u0219tere, recunoa\u0219te rolul esen\u021bial al \u0219colilor, al institu\u021biilor de formare \u0219i al<\/span> <span role=\"presentation\" dir=\"ltr\">universit\u0103\u021bilor \u00een colaborarea cu elevii, p\u0103rin\u021bii \u0219i \u00eentreaga comunitate \u00een s<\/span><span role=\"presentation\" dir=\"ltr\">copul impulsion\u0103rii schimb\u0103rilor necesare<\/span> <span role=\"presentation\" dir=\"ltr\">pentru realizarea cu succes a tranzi\u021biei c\u0103tre neutralitatea climatic\u0103 p\u00e2n\u0103 \u00een 2050.<\/span><\/span><\/li><li><strong><span class=\"markedContent\" id=\"page52R_mcid5\"><span role=\"presentation\" dir=\"ltr\">Participarea la via\u021ba democratic\u0103,<\/span><span role=\"presentation\" dir=\"ltr\"> <\/span><span role=\"presentation\" dir=\"ltr\">valorile comune \u0219i angajamentul civic<\/span><\/span><\/strong><span class=\"markedContent\" id=\"page52R_mcid6\"><br role=\"presentation\" \/><span role=\"presentation\" dir=\"ltr\">Programul Erasmus+ abordeaz\u0103 participarea limitat\u0103 a cet\u0103\u021ben<\/span><span role=\"presentation\" dir=\"ltr\">ilor la procesele democratice ale Uniunii Europene \u0219i<\/span> <span role=\"presentation\" dir=\"ltr\">lipsa lor de cuno\u0219tin\u021be despre aceasta \u0219i \u00eencearc\u0103 s\u0103 \u00eei ajute s\u0103 dep\u0103\u0219easc\u0103 dificult\u0103\u021bile legate de implicarea \u0219i de<\/span> <span role=\"presentation\" dir=\"ltr\">participarea activ\u0103 la via\u021ba comunit\u0103\u021bilor lor sau la via\u021ba politic\u0103 \u0219i social\u0103 a Un<\/span><span role=\"presentation\" dir=\"ltr\">iunii<\/span><span role=\"presentation\" dir=\"ltr\"> <\/span><span role=\"presentation\" dir=\"ltr\">Europene. O mai bun\u0103 \u00een\u021belegere de<\/span> <span role=\"presentation\" dir=\"ltr\">c\u0103tre cet\u0103\u021beni a Uniunii Europene, de la o v\u00e2rst\u0103 fraged\u0103, este esen\u021bial\u0103 pentru viitorul Uniunii. Pe l\u00e2ng\u0103 educa\u021bia<\/span> <span role=\"presentation\" dir=\"ltr\">formal\u0103, \u00eenv\u0103\u021barea nonformal\u0103 poate \u00eembun\u0103t\u0103\u021bi \u00een\u021belegerea de c\u0103tre cet\u0103\u021beni a Uniunii Europene \u0219i<\/span><span role=\"presentation\" dir=\"ltr\"> <\/span><span role=\"presentation\" dir=\"ltr\">poate promova un<\/span> <span role=\"presentation\" dir=\"ltr\">sentiment de apartenen\u021b\u0103 la aceasta.<\/span><\/span><\/li><\/ul><\/div>\n\t\t\t\t<\/div>\n\t\t\t\t\t\t\t\t<\/div>\n\t\t\t\t<\/div>\n\t\t\t\t<\/div>\n\t\t\t\t\t<\/div>\n\t\t<\/div>\n\t\t\t\t\t<\/div>\n\t\t<\/section>\n\t\t<div class=\"elementor-element elementor-element-076dfd3 e-flex e-con-boxed e-con e-parent\" data-id=\"076dfd3\" data-element_type=\"container\" data-core-v316-plus=\"true\">\n\t\t\t\t\t<div class=\"e-con-inner\">\n\t\t\t\t<div class=\"elementor-element elementor-element-5ec6c53 elementor-widget elementor-widget-ucaddon_simple_slider\" data-id=\"5ec6c53\" data-element_type=\"widget\" data-widget_type=\"ucaddon_simple_slider.default\">\n\t\t\t\t<div class=\"elementor-widget-container\">\n\t\t\t\n<!-- start Simple Slider -->\n\t\t<link id='font-awesome-css' href='https:\/\/internationalizare.upg-ploiesti.ro\/wp-content\/plugins\/unlimited-elements-for-elementor\/assets_libraries\/font-awesome6\/fontawesome-all.min.css' type='text\/css' rel='stylesheet' >\n\t\t<link id='font-awesome-4-shim-css' href='https:\/\/internationalizare.upg-ploiesti.ro\/wp-content\/plugins\/unlimited-elements-for-elementor\/assets_libraries\/font-awesome6\/fontawesome-v4-shims.min.css' type='text\/css' rel='stylesheet' >\n\t\t<link id='uc_ac_assets_file_slick_css_1729-css' href='https:\/\/internationalizare.upg-ploiesti.ro\/wp-content\/uploads\/ac_assets\/simple_animated_slider\/slick.css' type='text\/css' rel='stylesheet' >\n\n<style>\/* widget: Simple Slider *\/\n\n#uc_simple_slider_elementor_5ec6c53 .elementor-section{\n  left: 0 !important;\n}\n\n#uc_simple_slider_elementor_5ec6c53\n{\n  overflow:hidden;\n  direction:ltr;\n}\n#uc_simple_slider_elementor_5ec6c53 .ue_slide {\n  position: relative;\n}\n#uc_simple_slider_elementor_5ec6c53 .slide__img {\n  width: 100%;\n  height: auto;\n  overflow: hidden;\n}\n\n#uc_simple_slider_elementor_5ec6c53 .slide__img img {\n  max-width: 100%;\n  height: auto;\n  opacity: 1 !important;          \n  animation-duration: 3s;\n  transition: all 1s ease;\n}\n#uc_simple_slider_elementor_5ec6c53 .slide__content {\n  position: absolute;\n  top: 50%;\n  left: 50%;\n  transform: translate(-50%, -50%);\n}\n#uc_simple_slider_elementor_5ec6c53 .slide__content--headings {\n  text-align: center;\n  color: #FFF;\n}\n#uc_simple_slider_elementor_5ec6c53 .slide__content--headings h2 {\n}\n#uc_simple_slider_elementor_5ec6c53 .slide__content--headings .animated {\n  transition: all 0.5s ease;\n}\n.ue_simple_slider_title\n{\n  font-size:26px;\n}\n\n#uc_simple_slider_elementor_5ec6c53 .ue_simple_slider_button a{\n\n  display:inline-block;\n  text-align:center;\n  text-decoration:none;\n}  \n\n\n#uc_simple_slider_elementor_5ec6c53 .slick-prev{\n    position:absolute;\n    left:30px;\n    display:flex !important;\n    align-items:center;\n    justify-content:center;\n    text-align:center;\n    z-index:101;\n    border:none;\n    outline:none;\n}\n#uc_simple_slider_elementor_5ec6c53 .slick-next{\n  position:absolute;\n  right:30px;\n  display:flex !important;\n  align-items:center;\n    justify-content:center;\n  text-align:center;\n  z-index:101;\n  border:none;\n  outline:none;\n}\n\n#uc_simple_slider_elementor_5ec6c53 .ue_slide_overlay\n{\n  position:absolute;\n  top:0;\n  bottom:0;\n  left:0;\n  right:0;\n}\n\n#uc_simple_slider_elementor_5ec6c53 .ue_slide_link_overlay\n{\n  position:absolute;\n  top:0;\n  bottom:0;\n  left:0;\n  right:0;\n  display:block;\n  z-index:1;\n}\n\n.slick-dotted.slick-slider\n{\n  margin-bottom:0px !important;\n}\n\n\n\n\n.slick-dots {\n  position: absolute;\n  list-style: none;\n  display: block;\n  text-align: center;\n  padding: 0;\n  margin: 0;\n  width: 100%;\n  z-index:2;\n}\n.slick-dots li {\n  position: relative;\n  display: inline-block;\n  margin: 0 5px;\n  padding: 0;\n  cursor: pointer;\n}\n.slick-dots li button {\n  border: 0;\n  display: block;\n  outline: none;\n  line-height: 0px;\n  font-size: 0px;\n  color: transparent;\n  padding: 5px;\n  cursor: pointer;\n  transition: all 0.3s ease;\n}\n.slick-dots li button:hover,\n.slick-dots li button:focus {\n  outline: none;\n}\n.simple-dots .slick-dots li {\n\n}\n.simple-dots .slick-dots li button {\n  border-radius: 50%;\n}\n\n.stick-dots .slick-dots li button {\n  position: relative;\n  padding: 0;\n}\n\n<\/style>\n\n<div class=\"ue_slider stick-dots\" id=\"uc_simple_slider_elementor_5ec6c53\" >\n    <div class=\"ue_slide\" style=\"background-image:url(https:\/\/internationalizare.upg-ploiesti.ro\/wp-content\/uploads\/2024\/03\/ghid-program.png);background-size:cover;background-position:center center;\">\n  <div class=\"ue_slide_overlay\"><\/div>  \n     \n      <div class=\"slide__content\" style=\"position:relative; z-index:1;\">\n        <div class=\"slide__content--headings\">\n           <div class=\"ue_simple_slider_title\"><\/div>           <div class=\"ue_simple_slider_text\"><\/div>           <div class=\"ue_simple_slider_button\"><a class=\"uc_more_btn\" href=\"https:\/\/internationalizare.upg-ploiesti.ro\/wp-content\/uploads\/2024\/03\/2024-ErasmusProgramme-Guide_RO.pdf\" >Descarc\u0103 ghidul<\/a><\/div>        <\/div>\n      <\/div>\n          \n<\/div>\n\n<\/div>\n<!-- end Simple Slider -->\t\t<\/div>\n\t\t\t\t<\/div>\n\t\t\t\t\t<\/div>\n\t\t\t\t<\/div>\n\t\t\t\t<\/div>\n\t\t","protected":false},"excerpt":{"rendered":"<p>Erasmus+ este programul UE pentru educa\u021bie, formare, tineret \u0219i sport. Despre Erasmus+ Bugetul s\u0103u este estimat la 26,2 miliarde EUR. Aceast\u0103 sum\u0103 reprezint\u0103 aproape dublul finan\u021b\u0103rii de care a beneficiat programul anterior (2014-2020). Programul pentru perioada 2021-2027 pune un accent puternic pe incluziunea social\u0103, pe tranzi\u021bia verde \u0219i pe cea digital\u0103 \u0219i pe promovarea particip\u0103rii <\/p>\n","protected":false},"author":1,"featured_media":0,"parent":1624,"menu_order":0,"comment_status":"closed","ping_status":"closed","template":"","meta":{"footnotes":""},"class_list":["post-1653","page","type-page","status-publish","hentry"],"acf":[],"_links":{"self":[{"href":"https:\/\/internationalizare.upg-ploiesti.ro\/index.php\/wp-json\/wp\/v2\/pages\/1653","targetHints":{"allow":["GET"]}}],"collection":[{"href":"https:\/\/internationalizare.upg-ploiesti.ro\/index.php\/wp-json\/wp\/v2\/pages"}],"about":[{"href":"https:\/\/internationalizare.upg-ploiesti.ro\/index.php\/wp-json\/wp\/v2\/types\/page"}],"author":[{"embeddable":true,"href":"https:\/\/internationalizare.upg-ploiesti.ro\/index.php\/wp-json\/wp\/v2\/users\/1"}],"replies":[{"embeddable":true,"href":"https:\/\/internationalizare.upg-ploiesti.ro\/index.php\/wp-json\/wp\/v2\/comments?post=1653"}],"version-history":[{"count":49,"href":"https:\/\/internationalizare.upg-ploiesti.ro\/index.php\/wp-json\/wp\/v2\/pages\/1653\/revisions"}],"predecessor-version":[{"id":2178,"href":"https:\/\/internationalizare.upg-ploiesti.ro\/index.php\/wp-json\/wp\/v2\/pages\/1653\/revisions\/2178"}],"up":[{"embeddable":true,"href":"https:\/\/internationalizare.upg-ploiesti.ro\/index.php\/wp-json\/wp\/v2\/pages\/1624"}],"wp:attachment":[{"href":"https:\/\/internationalizare.upg-ploiesti.ro\/index.php\/wp-json\/wp\/v2\/media?parent=1653"}],"curies":[{"name":"wp","href":"https:\/\/api.w.org\/{rel}","templated":true}]}}